{"id":1563,"date":"2013-04-17T12:43:52","date_gmt":"2013-04-17T11:43:52","guid":{"rendered":"http:\/\/www.heimatverein-gahlen.de\/heimatverein\/?page_id=1563"},"modified":"2021-02-16T16:18:00","modified_gmt":"2021-02-16T15:18:00","slug":"laienspielschar","status":"publish","type":"page","link":"https:\/\/www.heimatverein-gahlen.de\/heimatverein\/?page_id=1563","title":{"rendered":"Laienspielschar"},"content":{"rendered":"<h2 style=\"text-align: center;\"><span style=\"font-size: medium;\"><span style=\"text-decoration: underline;\"><strong>Laienspielschar<\/strong><\/span><\/span><\/h2>\n<table style=\"width: 68.5292%; height: 255px;\" border=\"0\">\n<tbody>\n<tr style=\"height: 74px;\">\n<td style=\"border: 2px solid #f5deb3; height: 131px;\" colspan=\"2\" align=\"center\">Die \u00e4lteste Arbeitsgruppe des Heimatvereins Gahlen ist die 1936 gegr\u00fcndete Laienspielschar.<br \/>\nSeit jeher werden in dieser AG plattdeutsche Theaterst\u00fccke als Ein- und Mehrakter, Sketche einge\u00fcbt und zu entsprechenden Anl\u00e4ssen im Jahr vorgef\u00fchrt.<\/td>\n<\/tr>\n<tr style=\"height: 24px;\">\n<td style=\"border: 1px solid #000000; background-color: #f5deb3; height: 24px;\" align=\"center\"><strong>Termine<\/strong><\/td>\n<td style=\"border: 1px solid #000000; background-color: #f5deb3; height: 24px;\" align=\"center\">jeweils vor geplanten Auff\u00fchrungen<\/td>\n<\/tr>\n<tr style=\"height: 24px;\">\n<td style=\"border: 1px solid #000000; background-color: #f5deb3; height: 24px;\" align=\"center\"><strong>Leitung<\/strong><\/td>\n<td style=\"border: 1px solid #000000; background-color: #f5deb3; height: 24px;\" align=\"center\">Elsbeth Klein, Tel. 02853\/4671<\/td>\n<\/tr>\n<tr style=\"height: 78px;\">\n<td style=\"border: 1px solid #000000; background-color: #f5deb3; height: 76px;\" align=\"center\"><strong>Mitglieder<\/strong><\/td>\n<td style=\"border: 1px solid #000000; background-color: #f5deb3; height: 76px;\" align=\"center\">Marion Eifert, Renate Eschenr\u00f6der, Edith H\u00fclsemann, Uschi M\u00f6nnighoff, Volker Rademacher, Karsten Ruloff, Markus Walbrodt, Rainer Zeppen<\/td>\n<\/tr>\n<\/tbody>\n<\/table>\n<p style=\"text-align: center;\"><a href=\"http:\/\/www.heimatverein-gahlen.de\/heimatverein\/wp-content\/uploads\/Image.1553591199133.jpg\"><img loading=\"lazy\" class=\"aligncenter size-full wp-image-2429\" src=\"http:\/\/www.heimatverein-gahlen.de\/heimatverein\/wp-content\/uploads\/Image.1553591199133.jpg\" alt=\"Image.1553591199133\" width=\"640\" height=\"432\" srcset=\"https:\/\/www.heimatverein-gahlen.de\/heimatverein\/wp-content\/uploads\/Image.1553591199133.jpg 640w, https:\/\/www.heimatverein-gahlen.de\/heimatverein\/wp-content\/uploads\/Image.1553591199133-300x202.jpg 300w\" sizes=\"(max-width: 640px) 100vw, 640px\" \/><\/a><\/p>\n","protected":false},"excerpt":{"rendered":"<p>Laienspielschar Die \u00e4lteste Arbeitsgruppe des Heimatvereins Gahlen ist die 1936 gegr\u00fcndete Laienspielschar. Seit jeher werden in dieser AG plattdeutsche Theaterst\u00fccke als Ein- und Mehrakter, Sketche einge\u00fcbt und zu entsprechenden Anl\u00e4ssen im Jahr vorgef\u00fchrt. Termine jeweils vor geplanten Auff\u00fchrungen Leitung Elsbeth Klein, Tel. 02853\/4671 Mitglieder Marion Eifert, Renate Eschenr\u00f6der, Edith H\u00fclsemann, Uschi M\u00f6nnighoff, Volker Rademacher, Karsten [&hellip;]<\/p>\n","protected":false},"author":1,"featured_media":0,"parent":0,"menu_order":0,"comment_status":"closed","ping_status":"open","template":"","meta":{"ngg_post_thumbnail":0},"_links":{"self":[{"href":"https:\/\/www.heimatverein-gahlen.de\/heimatverein\/index.php?rest_route=\/wp\/v2\/pages\/1563"}],"collection":[{"href":"https:\/\/www.heimatverein-gahlen.de\/heimatverein\/index.php?rest_route=\/wp\/v2\/pages"}],"about":[{"href":"https:\/\/www.heimatverein-gahlen.de\/heimatverein\/index.php?rest_route=\/wp\/v2\/types\/page"}],"author":[{"embeddable":true,"href":"https:\/\/www.heimatverein-gahlen.de\/heimatverein\/index.php?rest_route=\/wp\/v2\/users\/1"}],"replies":[{"embeddable":true,"href":"https:\/\/www.heimatverein-gahlen.de\/heimatverein\/index.php?rest_route=%2Fwp%2Fv2%2Fcomments&post=1563"}],"version-history":[{"count":0,"href":"https:\/\/www.heimatverein-gahlen.de\/heimatverein\/index.php?rest_route=\/wp\/v2\/pages\/1563\/revisions"}],"wp:attachment":[{"href":"https:\/\/www.heimatverein-gahlen.de\/heimatverein\/index.php?rest_route=%2Fwp%2Fv2%2Fmedia&parent=1563"}],"curies":[{"name":"wp","href":"https:\/\/api.w.org\/{rel}","templated":true}]}}