{"id":1565,"date":"2013-04-17T12:44:15","date_gmt":"2013-04-17T11:44:15","guid":{"rendered":"http:\/\/www.heimatverein-gahlen.de\/heimatverein\/?page_id=1565"},"modified":"2021-02-16T16:20:28","modified_gmt":"2021-02-16T15:20:28","slug":"historische-loschgruppe","status":"publish","type":"page","link":"https:\/\/www.heimatverein-gahlen.de\/heimatverein\/?page_id=1565","title":{"rendered":"Historische L\u00f6schgruppe"},"content":{"rendered":"<h3 style=\"text-align: center;\">Historische L\u00f6schgruppe<\/h3>\n<table style=\"width: 92.3762%; height: 494px;\" border=\"0\">\n<tbody>\n<tr style=\"height: 112px;\">\n<td style=\"border: 2px solid #f5deb3; height: 102px; width: 102.108%;\" colspan=\"2\" align=\"center\">Vor Einf\u00fchrung der Freiwilligen Feuerwehr bestand die Pflichtfeuerwehr in der Gemeinde<br \/>\nGahlen aus 227 Dienstverpflichteten. Damals geh\u00f6rte der Ortsteil Hardt noch zu Gahlen. Am 14.<br \/>\nDezember 1913 wurde die Freiwillige Feuerwehr Gahlen gegr\u00fcndet. Im Brandfalle wurde die<br \/>\nBrandglocke geschlagen.<br \/>\nFolgten die Glockenschl\u00e4ge in schneller Reihenfolge, war meistens ein Wohnhaus betroffen. Bei<br \/>\nlangsamem Glockenschlag handelte es sich um einen kleineren Brand oder einen Waldbrand. Die ersten Ger\u00e4tschaften bestanden aus einer Brandspritze, L\u00f6scheimern, Feuerhaken und Leitern. Bei Brandeins\u00e4tzen wurde oft mit Bottichen und Jauchef\u00e4ssern Wasser zur Einsatzstelle gefahren. W\u00e4hrend des letzten Krieges haben einige Gahlener Frauen diesen Dienst \u00fcbernommen, da die M\u00e4nner gr\u00f6\u00dftenteils mit der Wehrmacht unterwegs gewesen sind. Die Historische L\u00f6schgruppe des<br \/>\nHeimatvereins m\u00f6chte mit ihren Ger\u00e4tschaften darstellen, wie m\u00fchselig diese Arbeiten fr\u00fcher durchgef\u00fchrt werden mussten.<\/td>\n<\/tr>\n<tr style=\"height: 24px;\">\n<td style=\"border: 1px solid #000000; background-color: #f5deb3; height: 24px; width: 21.2411%;\" align=\"center\"><strong> Termine<\/strong><\/td>\n<td style=\"border: 1px solid #000000; background-color: #f5deb3; height: 24px; width: 102.866%;\" align=\"center\">flexibel<\/td>\n<\/tr>\n<tr style=\"height: 24px;\">\n<td style=\"border: 1px solid #000000; background-color: #f5deb3; height: 24px; width: 21.2411%;\" align=\"center\"><strong>Leitung<\/strong><\/td>\n<td style=\"border: 1px solid #000000; background-color: #f5deb3; height: 24px; width: 102.866%;\" align=\"center\">Holger Hemmert&nbsp; (02853\/39708)<\/td>\n<\/tr>\n<tr style=\"height: 44px;\">\n<td style=\"border: 1px solid #000000; background-color: #f5deb3; height: 44px; width: 21.2411%;\" align=\"center\"><strong> Mitglieder<\/strong><\/td>\n<td style=\"border: 1px solid #000000; background-color: #f5deb3; height: 44px; width: 102.866%;\" align=\"center\">Verena Beckmann, Holger Hemmert, Frederik Schulz, Matthias Huld, Wilfried&nbsp;Biedermann<\/td>\n<\/tr>\n<\/tbody>\n<\/table>\n<p style=\"text-align: center;\"><img loading=\"lazy\" class=\"aligncenter  wp-image-1604\" title=\"Loeschzug1\" src=\"http:\/\/www.heimatverein-gahlen.de\/heimatverein\/wp-content\/uploads\/Loeschzug1-1024x776.jpg\" alt=\"Loeschzug1\" width=\"482\" height=\"366\" srcset=\"https:\/\/www.heimatverein-gahlen.de\/heimatverein\/wp-content\/uploads\/Loeschzug1-1024x776.jpg 1024w, https:\/\/www.heimatverein-gahlen.de\/heimatverein\/wp-content\/uploads\/Loeschzug1-300x227.jpg 300w, https:\/\/www.heimatverein-gahlen.de\/heimatverein\/wp-content\/uploads\/Loeschzug1.JPG 1356w\" sizes=\"(max-width: 482px) 100vw, 482px\" \/><\/p>\n","protected":false},"excerpt":{"rendered":"<p>Historische L\u00f6schgruppe Vor Einf\u00fchrung der Freiwilligen Feuerwehr bestand die Pflichtfeuerwehr in der Gemeinde Gahlen aus 227 Dienstverpflichteten. Damals geh\u00f6rte der Ortsteil Hardt noch zu Gahlen. Am 14. Dezember 1913 wurde die Freiwillige Feuerwehr Gahlen gegr\u00fcndet. Im Brandfalle wurde die Brandglocke geschlagen. Folgten die Glockenschl\u00e4ge in schneller Reihenfolge, war meistens ein Wohnhaus betroffen. Bei langsamem Glockenschlag [&hellip;]<\/p>\n","protected":false},"author":1,"featured_media":0,"parent":0,"menu_order":0,"comment_status":"closed","ping_status":"open","template":"","meta":{"ngg_post_thumbnail":0},"_links":{"self":[{"href":"https:\/\/www.heimatverein-gahlen.de\/heimatverein\/index.php?rest_route=\/wp\/v2\/pages\/1565"}],"collection":[{"href":"https:\/\/www.heimatverein-gahlen.de\/heimatverein\/index.php?rest_route=\/wp\/v2\/pages"}],"about":[{"href":"https:\/\/www.heimatverein-gahlen.de\/heimatverein\/index.php?rest_route=\/wp\/v2\/types\/page"}],"author":[{"embeddable":true,"href":"https:\/\/www.heimatverein-gahlen.de\/heimatverein\/index.php?rest_route=\/wp\/v2\/users\/1"}],"replies":[{"embeddable":true,"href":"https:\/\/www.heimatverein-gahlen.de\/heimatverein\/index.php?rest_route=%2Fwp%2Fv2%2Fcomments&post=1565"}],"version-history":[{"count":0,"href":"https:\/\/www.heimatverein-gahlen.de\/heimatverein\/index.php?rest_route=\/wp\/v2\/pages\/1565\/revisions"}],"wp:attachment":[{"href":"https:\/\/www.heimatverein-gahlen.de\/heimatverein\/index.php?rest_route=%2Fwp%2Fv2%2Fmedia&parent=1565"}],"curies":[{"name":"wp","href":"https:\/\/api.w.org\/{rel}","templated":true}]}}