{"id":380,"date":"2009-12-10T23:11:05","date_gmt":"2009-12-10T22:11:05","guid":{"rendered":"http:\/\/www.heimatverein-gahlen.de\/heimatverein\/?page_id=380"},"modified":"2021-02-16T13:23:16","modified_gmt":"2021-02-16T12:23:16","slug":"heimatkunde","status":"publish","type":"page","link":"https:\/\/www.heimatverein-gahlen.de\/heimatverein\/?page_id=380","title":{"rendered":"Heimatkunde AG"},"content":{"rendered":"<h2 style=\"text-align: center;\"><span style=\"font-size: medium;\"><span style=\"text-decoration: underline;\"><strong>Heimatkunde<\/strong><\/span><\/span><\/h2>\n<table style=\"width: 415px; height: 252px;\" border=\"0\">\n<tbody>\n<tr>\n<td style=\"border: 2px solid #f5deb3;\" colspan=\"2\" align=\"center\">Diese Arbeitsgruppe erkundet die Geschichte Gahlens und ihre Hintergr\u00fcnde und m\u00f6chte sie den B\u00fcrgerinnen und B\u00fcrgern zug\u00e4nglich und verst\u00e4ndlich machen. Mit Unterst\u00fctzung des versierten Heimatkundlers Helmut Scheffler wurden u.a. zum 50. Jubil\u00e4um des Heimatverein im Jahr 2000 die Dorfchronik erstellt und ver\u00f6ffentlicht (siehe Download). Im Jahr 2010 erschien die Fortsetzung. J\u00fcngstes Werk dieser AG ist die &#8222;G\u00f6hlze Route&#8220;. Auch an der Erstellung der Dorfchronik zum 70. Jubil\u00e4um war die Arbeitsgruppe ma\u00dfgeblich beteiligt.&nbsp;<\/td>\n<\/tr>\n<tr>\n<td style=\"border: 1px solid #000000; background-color: #f5deb3;\" align=\"center\"><strong>Termine<\/strong><\/td>\n<td style=\"border: 1px solid #000000; background-color: #f5deb3;\" align=\"center\">flexibel<\/td>\n<\/tr>\n<tr>\n<td style=\"border: 1px solid #000000; background-color: #f5deb3;\" align=\"center\"><strong>Leitung<\/strong><\/td>\n<td style=\"border: 1px solid #000000; background-color: #f5deb3;\" align=\"center\">Egon Unterberg (Tel.02853\/2712)<\/td>\n<\/tr>\n<tr>\n<td style=\"border: 1px solid #000000; background-color: #f5deb3;\" align=\"center\"><strong>Mitglieder<\/strong><\/td>\n<td style=\"border: 1px solid #000000; background-color: #f5deb3;\" align=\"center\"><em>Herbert G\u00fclker, Guido Heinzmann, J\u00fcrgen H\u00f6chst, Helmut Scheffler, Egon Unterberg<\/em><\/td>\n<\/tr>\n<\/tbody>\n<\/table>\n<p>&nbsp;<\/p>\n<p><a href=\"http:\/\/www.heimatverein-gahlen.de\/heimatverein\/wp-content\/uploads\/24.02.2013-Heimatkunde_b.jpg\"><img loading=\"lazy\" class=\"aligncenter size-full wp-image-2269\" src=\"http:\/\/www.heimatverein-gahlen.de\/heimatverein\/wp-content\/uploads\/24.02.2013-Heimatkunde_b.jpg\" alt=\"24.02.2013 Heimatkunde_b\" width=\"900\" height=\"680\"><\/a><\/p>\n<p style=\"text-align: left;\"><span style=\"text-decoration: underline;\">&nbsp;<\/span><\/p>\n","protected":false},"excerpt":{"rendered":"<p>Heimatkunde Diese Arbeitsgruppe erkundet die Geschichte Gahlens und ihre Hintergr\u00fcnde und m\u00f6chte sie den B\u00fcrgerinnen und B\u00fcrgern zug\u00e4nglich und verst\u00e4ndlich machen. Mit Unterst\u00fctzung des versierten Heimatkundlers Helmut Scheffler wurden u.a. zum 50. Jubil\u00e4um des Heimatverein im Jahr 2000 die Dorfchronik erstellt und ver\u00f6ffentlicht (siehe Download). Im Jahr 2010 erschien die Fortsetzung. J\u00fcngstes Werk dieser AG [&hellip;]<\/p>\n","protected":false},"author":1,"featured_media":0,"parent":0,"menu_order":0,"comment_status":"open","ping_status":"open","template":"","meta":{"ngg_post_thumbnail":0},"_links":{"self":[{"href":"https:\/\/www.heimatverein-gahlen.de\/heimatverein\/index.php?rest_route=\/wp\/v2\/pages\/380"}],"collection":[{"href":"https:\/\/www.heimatverein-gahlen.de\/heimatverein\/index.php?rest_route=\/wp\/v2\/pages"}],"about":[{"href":"https:\/\/www.heimatverein-gahlen.de\/heimatverein\/index.php?rest_route=\/wp\/v2\/types\/page"}],"author":[{"embeddable":true,"href":"https:\/\/www.heimatverein-gahlen.de\/heimatverein\/index.php?rest_route=\/wp\/v2\/users\/1"}],"replies":[{"embeddable":true,"href":"https:\/\/www.heimatverein-gahlen.de\/heimatverein\/index.php?rest_route=%2Fwp%2Fv2%2Fcomments&post=380"}],"version-history":[{"count":0,"href":"https:\/\/www.heimatverein-gahlen.de\/heimatverein\/index.php?rest_route=\/wp\/v2\/pages\/380\/revisions"}],"wp:attachment":[{"href":"https:\/\/www.heimatverein-gahlen.de\/heimatverein\/index.php?rest_route=%2Fwp%2Fv2%2Fmedia&parent=380"}],"curies":[{"name":"wp","href":"https:\/\/api.w.org\/{rel}","templated":true}]}}