{"id":389,"date":"2009-12-10T23:37:34","date_gmt":"2009-12-10T22:37:34","guid":{"rendered":"http:\/\/www.heimatverein-gahlen.de\/heimatverein\/?page_id=389"},"modified":"2021-02-16T16:15:05","modified_gmt":"2021-02-16T15:15:05","slug":"die-kuchenfeen","status":"publish","type":"page","link":"https:\/\/www.heimatverein-gahlen.de\/heimatverein\/?page_id=389","title":{"rendered":"Die K\u00fcchenfee`n"},"content":{"rendered":"<p>&nbsp;<\/p>\n<h2 style=\"text-align: center;\"><span style=\"font-size: medium;\"><span style=\"text-decoration: underline;\"><strong>Die K\u00fcchenfeen<\/strong><\/span><\/span><\/h2>\n<table style=\"width: 89.4159%; height: 244px;\" border=\"0\">\n<tbody>\n<tr style=\"height: 146px;\">\n<td style=\"border: 2px solid #f5deb3; height: 103px; width: 128.463%;\" colspan=\"2\" align=\"center\">Buchweizenpfannekuchen, Panhas, Griebenschmalz und Waffeln nach \u00fcberlieferten Rezepten \u2013 das sind die Spezialit\u00e4ten der K\u00fcchenfeen. Auf so mancher Veranstaltung im n\u00e4heren Umkreis von Gahlen kann man mittlerweile in den Genuss kommen, diese Leckereien zu probieren.<\/td>\n<\/tr>\n<tr style=\"height: 24px;\">\n<td style=\"border: 1px solid #000000; background-color: #f5deb3; height: 24px; width: 22.4181%;\" align=\"center\"><strong>Termine<\/strong><\/td>\n<td style=\"border: 1px solid #000000; background-color: #f5deb3; height: 24px; width: 106.045%;\" align=\"center\">flexibel<\/td>\n<\/tr>\n<tr style=\"height: 24px;\">\n<td style=\"border: 1px solid #000000; background-color: #f5deb3; height: 24px; width: 22.4181%;\" align=\"center\"><strong>Leitung<\/strong><\/td>\n<td style=\"border: 1px solid #000000; background-color: #f5deb3; height: 24px; width: 106.045%;\" align=\"center\">Ingrid G\u00fclker 02853\/665<\/td>\n<\/tr>\n<tr style=\"height: 138px;\">\n<td style=\"border: 1px solid #000000; background-color: #f5deb3; height: 93px; width: 22.4181%;\" align=\"center\"><strong>Mitglieder<\/strong><\/td>\n<td style=\"border: 1px solid #000000; background-color: #f5deb3; height: 93px; width: 106.045%;\" align=\"center\">Ingrid G\u00fclker, Ulla Hermeler, Renate Hartwig, Monique Jung, Eva Krake,<br \/>\nVera Lachmann, Uschi M\u00f6nnighoff, Rita Ruloff, B\u00e4rbel Schmidt, Anke Stordel, Sabine Wolters<\/td>\n<\/tr>\n<\/tbody>\n<\/table>\n<p><a href=\"http:\/\/www.heimatverein-gahlen.de\/heimatverein\/wp-content\/uploads\/Kuechenfeen2019.jpg\"><img loading=\"lazy\" class=\"aligncenter  wp-image-2426\" src=\"http:\/\/www.heimatverein-gahlen.de\/heimatverein\/wp-content\/uploads\/Kuechenfeen2019.jpg\" alt=\"Kuechenfeen2019\" width=\"524\" height=\"339\" srcset=\"https:\/\/www.heimatverein-gahlen.de\/heimatverein\/wp-content\/uploads\/Kuechenfeen2019.jpg 1064w, https:\/\/www.heimatverein-gahlen.de\/heimatverein\/wp-content\/uploads\/Kuechenfeen2019-300x193.jpg 300w, https:\/\/www.heimatverein-gahlen.de\/heimatverein\/wp-content\/uploads\/Kuechenfeen2019-1024x662.jpg 1024w\" sizes=\"(max-width: 524px) 100vw, 524px\" \/><\/a><\/p>\n","protected":false},"excerpt":{"rendered":"<p>&nbsp; Die K\u00fcchenfeen Buchweizenpfannekuchen, Panhas, Griebenschmalz und Waffeln nach \u00fcberlieferten Rezepten \u2013 das sind die Spezialit\u00e4ten der K\u00fcchenfeen. Auf so mancher Veranstaltung im n\u00e4heren Umkreis von Gahlen kann man mittlerweile in den Genuss kommen, diese Leckereien zu probieren. Termine flexibel Leitung Ingrid G\u00fclker 02853\/665 Mitglieder Ingrid G\u00fclker, Ulla Hermeler, Renate Hartwig, Monique Jung, Eva Krake, [&hellip;]<\/p>\n","protected":false},"author":1,"featured_media":0,"parent":0,"menu_order":0,"comment_status":"open","ping_status":"open","template":"","meta":{"ngg_post_thumbnail":0},"_links":{"self":[{"href":"https:\/\/www.heimatverein-gahlen.de\/heimatverein\/index.php?rest_route=\/wp\/v2\/pages\/389"}],"collection":[{"href":"https:\/\/www.heimatverein-gahlen.de\/heimatverein\/index.php?rest_route=\/wp\/v2\/pages"}],"about":[{"href":"https:\/\/www.heimatverein-gahlen.de\/heimatverein\/index.php?rest_route=\/wp\/v2\/types\/page"}],"author":[{"embeddable":true,"href":"https:\/\/www.heimatverein-gahlen.de\/heimatverein\/index.php?rest_route=\/wp\/v2\/users\/1"}],"replies":[{"embeddable":true,"href":"https:\/\/www.heimatverein-gahlen.de\/heimatverein\/index.php?rest_route=%2Fwp%2Fv2%2Fcomments&post=389"}],"version-history":[{"count":0,"href":"https:\/\/www.heimatverein-gahlen.de\/heimatverein\/index.php?rest_route=\/wp\/v2\/pages\/389\/revisions"}],"wp:attachment":[{"href":"https:\/\/www.heimatverein-gahlen.de\/heimatverein\/index.php?rest_route=%2Fwp%2Fv2%2Fmedia&parent=389"}],"curies":[{"name":"wp","href":"https:\/\/api.w.org\/{rel}","templated":true}]}}